{"id":3718,"date":"2020-02-28T14:32:17","date_gmt":"2020-02-28T13:32:17","guid":{"rendered":"https:\/\/www.empackmadrid.com\/?page_id=3718"},"modified":"2025-12-09T15:32:45","modified_gmt":"2025-12-09T14:32:45","slug":"notas-de-prensa","status":"publish","type":"page","link":"https:\/\/www.empackmadrid.com\/es\/content365\/notas-de-prensa\/","title":{"rendered":"Notas de prensa"},"content":{"rendered":"\t\t<div data-elementor-type=\"wp-page\" data-elementor-id=\"3718\" class=\"elementor elementor-3718\" data-elementor-post-type=\"page\">\n\t\t\t\t\t\t<section class=\"elementor-section elementor-top-section elementor-element elementor-element-281c421 elementor-section-full_width elementor-section-height-default elementor-section-height-default\" data-id=\"281c421\" data-element_type=\"section\">\n\t\t\t\t\t\t<div class=\"elementor-container elementor-column-gap-no\">\n\t\t\t\t\t<div class=\"elementor-column elementor-col-50 elementor-top-column elementor-element elementor-element-7292f7d\" data-id=\"7292f7d\" data-element_type=\"column\" data-settings=\"{&quot;background_background&quot;:&quot;classic&quot;}\">\n\t\t\t<div class=\"elementor-widget-wrap\">\n\t\t\t\t\t\t\t<\/div>\n\t\t<\/div>\n\t\t\t\t<div class=\"elementor-column elementor-col-50 elementor-top-column elementor-element elementor-element-7bd1115\" data-id=\"7bd1115\" data-element_type=\"column\">\n\t\t\t<div class=\"elementor-widget-wrap elementor-element-populated\">\n\t\t\t\t\t\t<div class=\"elementor-element elementor-element-2a7fa3e elementor-invisible elementor-widget elementor-widget-heading\" data-id=\"2a7fa3e\" data-element_type=\"widget\" data-settings=\"{&quot;_animation&quot;:&quot;fadeInRight&quot;}\" data-widget_type=\"heading.default\">\n\t\t\t\t<div class=\"elementor-widget-container\">\n\t\t\t\t\t<h1 class=\"elementor-heading-title elementor-size-default\">Mantente atento a las \u00faltimas notas de prensa oficiales del evento<\/h1>\t\t\t\t<\/div>\n\t\t\t\t<\/div>\n\t\t\t\t<div class=\"elementor-element elementor-element-8b8225b elementor-widget elementor-widget-text-editor\" data-id=\"8b8225b\" data-element_type=\"widget\" data-widget_type=\"text-editor.default\">\n\t\t\t\t<div class=\"elementor-widget-container\">\n\t\t\t\t\t\t\t\t\t<p>A continuaci\u00f3n encontrar\u00e1s todas las notas de prensa del evento.<\/p>\t\t\t\t\t\t\t\t<\/div>\n\t\t\t\t<\/div>\n\t\t\t\t\t<\/div>\n\t\t<\/div>\n\t\t\t\t\t<\/div>\n\t\t<\/section>\n\t\t\t\t<section class=\"elementor-section elementor-top-section elementor-element elementor-element-7b95b7af elementor-section-full_width elementor-section-height-default elementor-section-height-default\" data-id=\"7b95b7af\" data-element_type=\"section\" data-settings=\"{&quot;background_background&quot;:&quot;classic&quot;,&quot;shape_divider_bottom&quot;:&quot;tilt&quot;}\">\n\t\t\t\t\t\t\t<div class=\"elementor-background-overlay\"><\/div>\n\t\t\t\t\t\t<div class=\"elementor-shape elementor-shape-bottom\" aria-hidden=\"true\" data-negative=\"false\">\n\t\t\t<svg xmlns=\"http:\/\/www.w3.org\/2000\/svg\" viewBox=\"0 0 1000 100\" preserveAspectRatio=\"none\">\n\t<path class=\"elementor-shape-fill\" d=\"M0,6V0h1000v100L0,6z\"\/>\n<\/svg>\t\t<\/div>\n\t\t\t\t\t<div class=\"elementor-container elementor-column-gap-default\">\n\t\t\t\t\t<div class=\"elementor-column elementor-col-100 elementor-top-column elementor-element elementor-element-50e5892a\" data-id=\"50e5892a\" data-element_type=\"column\">\n\t\t\t<div class=\"elementor-widget-wrap elementor-element-populated\">\n\t\t\t\t\t\t<section class=\"elementor-section elementor-inner-section elementor-element elementor-element-416ce31e elementor-section-full_width elementor-section-height-default elementor-section-height-default\" data-id=\"416ce31e\" data-element_type=\"section\" data-settings=\"{&quot;background_background&quot;:&quot;classic&quot;,&quot;shape_divider_bottom&quot;:&quot;waves&quot;}\">\n\t\t\t\t\t<div class=\"elementor-shape elementor-shape-bottom\" aria-hidden=\"true\" data-negative=\"false\">\n\t\t\t<svg xmlns=\"http:\/\/www.w3.org\/2000\/svg\" viewBox=\"0 0 1000 100\" preserveAspectRatio=\"none\">\n\t<path class=\"elementor-shape-fill\" d=\"M421.9,6.5c22.6-2.5,51.5,0.4,75.5,5.3c23.6,4.9,70.9,23.5,100.5,35.7c75.8,32.2,133.7,44.5,192.6,49.7\n\tc23.6,2.1,48.7,3.5,103.4-2.5c54.7-6,106.2-25.6,106.2-25.6V0H0v30.3c0,0,72,32.6,158.4,30.5c39.2-0.7,92.8-6.7,134-22.4\n\tc21.2-8.1,52.2-18.2,79.7-24.2C399.3,7.9,411.6,7.5,421.9,6.5z\"\/>\n<\/svg>\t\t<\/div>\n\t\t\t\t\t<div class=\"elementor-container elementor-column-gap-default\">\n\t\t\t\t\t<div class=\"elementor-column elementor-col-100 elementor-inner-column elementor-element elementor-element-6676ce4\" data-id=\"6676ce4\" data-element_type=\"column\" data-settings=\"{&quot;background_background&quot;:&quot;classic&quot;}\">\n\t\t\t<div class=\"elementor-widget-wrap elementor-element-populated\">\n\t\t\t\t\t\t<div class=\"elementor-element elementor-element-6155c5a4 elementor-grid-4 elementor-posts--align-left elementor-grid-tablet-2 elementor-grid-mobile-1 elementor-posts--thumbnail-top elementor-posts__hover-gradient elementor-widget elementor-widget-posts\" data-id=\"6155c5a4\" data-element_type=\"widget\" data-settings=\"{&quot;cards_columns&quot;:&quot;4&quot;,&quot;cards_row_gap&quot;:{&quot;unit&quot;:&quot;px&quot;,&quot;size&quot;:&quot;14&quot;,&quot;sizes&quot;:[]},&quot;pagination_type&quot;:&quot;numbers&quot;,&quot;cards_columns_tablet&quot;:&quot;2&quot;,&quot;cards_columns_mobile&quot;:&quot;1&quot;,&quot;cards_row_gap_tablet&quot;:{&quot;unit&quot;:&quot;px&quot;,&quot;size&quot;:&quot;&quot;,&quot;sizes&quot;:[]},&quot;cards_row_gap_mobile&quot;:{&quot;unit&quot;:&quot;px&quot;,&quot;size&quot;:&quot;&quot;,&quot;sizes&quot;:[]}}\" data-widget_type=\"posts.cards\">\n\t\t\t\t<div class=\"elementor-widget-container\">\n\t\t\t\t\t\t\t<div class=\"elementor-posts-container elementor-posts elementor-posts--skin-cards elementor-grid\" role=\"list\">\n\t\t\t\t<article class=\"elementor-post elementor-grid-item post-169953 post type-post status-publish format-standard hentry category-notas-de-prensa tag-easyfairs tag-edicion-2025 tag-empack tag-esg tag-expertos tag-expositores tag-ferias tag-innovacion tag-logistic-industrial-build tag-logisticsautomation tag-oportunidades tag-resultados tag-resumen tag-ultima-edicion tag-visitantes\" role=\"listitem\">\n\t\t\t<div class=\"elementor-post__card\">\n\t\t\t\t<div class=\"elementor-post__text\">\n\t\t\t\t<span class=\"elementor-post__title\">\n\t\t\t<a href=\"https:\/\/www.empackmadrid.com\/es\/2025\/10\/20\/empack-logistics-automation-y-logistics-industrial-build-reciben-a-12-200-visitantes-unicos-en-una-edicion-de-record\/\" >\n\t\t\t\tEmpack, Logistics &amp; Automation y Logistic &amp; Industrial Build reciben a 12.200 visitantes \u00fanicos en una edici\u00f3n de r\u00e9cord\t\t\t<\/a>\n\t\t<\/span>\n\t\t\t\t<div class=\"elementor-post__excerpt\">\n\t\t\t<p>Las tres ferias, celebradas en IFEMA, han terminado con \u00e9xito su edici\u00f3n 2025 con cifras de r\u00e9cord, con la participaci\u00f3n de 426 empresas expositoras, la<\/p>\n\t\t<\/div>\n\t\t\n\t\t<a class=\"elementor-post__read-more\" href=\"https:\/\/www.empackmadrid.com\/es\/2025\/10\/20\/empack-logistics-automation-y-logistics-industrial-build-reciben-a-12-200-visitantes-unicos-en-una-edicion-de-record\/\" aria-label=\"Read more about Empack, Logistics &amp; Automation y Logistic &amp; Industrial Build reciben a 12.200 visitantes \u00fanicos en una edici\u00f3n de r\u00e9cord\" tabindex=\"-1\" >\n\t\t\tLeer m\u00e1s \u00bb\t\t<\/a>\n\n\t\t\t\t<\/div>\n\t\t\t\t<div class=\"elementor-post__meta-data\">\n\t\t\t\t\t<span class=\"elementor-post-date\">\n\t\t\toctubre 20, 2025\t\t<\/span>\n\t\t\t\t<\/div>\n\t\t\t\t\t<\/div>\n\t\t<\/article>\n\t\t\t\t<article class=\"elementor-post elementor-grid-item post-168685 post type-post status-publish format-standard hentry category-notas-de-prensa tag-conferencias tag-easyfairs tag-edicion-2025 tag-esg tag-expertos tag-expositores tag-ferias tag-innovacion tag-oportunidades tag-visitantes\" role=\"listitem\">\n\t\t\t<div class=\"elementor-post__card\">\n\t\t\t\t<div class=\"elementor-post__text\">\n\t\t\t\t<span class=\"elementor-post__title\">\n\t\t\t<a href=\"https:\/\/www.empackmadrid.com\/es\/2025\/09\/17\/empack-logistics-automation-y-lib-2025-presentan-un-congreso-lleno-de-innovacion-grandes-expertos-y-oportunidades-de-negocio\/\" >\n\t\t\t\tEmpack, Logistics &#038; Automation y LIB 2025 presentan un congreso lleno de innovaci\u00f3n, grandes expertos y oportunidades de negocio\t\t\t<\/a>\n\t\t<\/span>\n\t\t\t\t<div class=\"elementor-post__excerpt\">\n\t\t\t<p>El Best ESG Exhibitor Initiative Award premiar\u00e1 en su primera edici\u00f3n a las mejores pr\u00e1cticas en sostenibilidad, impacto social y gobernanza. La incorporaci\u00f3n de zonas<\/p>\n\t\t<\/div>\n\t\t\n\t\t<a class=\"elementor-post__read-more\" href=\"https:\/\/www.empackmadrid.com\/es\/2025\/09\/17\/empack-logistics-automation-y-lib-2025-presentan-un-congreso-lleno-de-innovacion-grandes-expertos-y-oportunidades-de-negocio\/\" aria-label=\"Read more about Empack, Logistics &#038; Automation y LIB 2025 presentan un congreso lleno de innovaci\u00f3n, grandes expertos y oportunidades de negocio\" tabindex=\"-1\" >\n\t\t\tLeer m\u00e1s \u00bb\t\t<\/a>\n\n\t\t\t\t<\/div>\n\t\t\t\t<div class=\"elementor-post__meta-data\">\n\t\t\t\t\t<span class=\"elementor-post-date\">\n\t\t\tseptiembre 17, 2025\t\t<\/span>\n\t\t\t\t<\/div>\n\t\t\t\t\t<\/div>\n\t\t<\/article>\n\t\t\t\t<article class=\"elementor-post elementor-grid-item post-161957 post type-post status-publish format-standard hentry category-notas-de-prensa tag-conferencias tag-easyfairs tag-edicion-2025 tag-esg tag-expertos tag-expositores tag-ferias tag-innovacion tag-visitantes\" role=\"listitem\">\n\t\t\t<div class=\"elementor-post__card\">\n\t\t\t\t<div class=\"elementor-post__text\">\n\t\t\t\t<span class=\"elementor-post__title\">\n\t\t\t<a href=\"https:\/\/www.empackmadrid.com\/es\/2025\/07\/08\/mas-de-80-nuevos-expositores-actividades-inmersivas-y-la-i-edicion-del-premio-al-compromiso-esg-entre-las-principales-novedades-de-su-edicion-2025\/\" >\n\t\t\t\tM\u00e1s de 80 nuevos expositores, actividades inmersivas y la I Edici\u00f3n del Premio al Compromiso ESG, entre las principales novedades de su edici\u00f3n 2025\t\t\t<\/a>\n\t\t<\/span>\n\t\t\t\t<div class=\"elementor-post__excerpt\">\n\t\t\t<p>El Best ESG Exhibitor Initiative Award premiar\u00e1 en su primera edici\u00f3n a las mejores pr\u00e1cticas en sostenibilidad, impacto social y gobernanza. La incorporaci\u00f3n de zonas<\/p>\n\t\t<\/div>\n\t\t\n\t\t<a class=\"elementor-post__read-more\" href=\"https:\/\/www.empackmadrid.com\/es\/2025\/07\/08\/mas-de-80-nuevos-expositores-actividades-inmersivas-y-la-i-edicion-del-premio-al-compromiso-esg-entre-las-principales-novedades-de-su-edicion-2025\/\" aria-label=\"Read more about M\u00e1s de 80 nuevos expositores, actividades inmersivas y la I Edici\u00f3n del Premio al Compromiso ESG, entre las principales novedades de su edici\u00f3n 2025\" tabindex=\"-1\" >\n\t\t\tLeer m\u00e1s \u00bb\t\t<\/a>\n\n\t\t\t\t<\/div>\n\t\t\t\t<div class=\"elementor-post__meta-data\">\n\t\t\t\t\t<span class=\"elementor-post-date\">\n\t\t\tjulio 8, 2025\t\t<\/span>\n\t\t\t\t<\/div>\n\t\t\t\t\t<\/div>\n\t\t<\/article>\n\t\t\t\t<article class=\"elementor-post elementor-grid-item post-159757 post type-post status-publish format-standard hentry category-notas-de-prensa tag-balance tag-conferencias tag-easyfairs tag-edicion-2025 tag-expertos tag-ferias tag-innovacion tag-visitantes\" role=\"listitem\">\n\t\t\t<div class=\"elementor-post__card\">\n\t\t\t\t<div class=\"elementor-post__text\">\n\t\t\t\t<span class=\"elementor-post__title\">\n\t\t\t<a href=\"https:\/\/www.empackmadrid.com\/es\/2025\/06\/04\/easyfairs-destaca-el-papel-de-las-ferias-como-motor-del-potencial-economico-e-industrial\/\" >\n\t\t\t\tEasyfairs destaca el papel de las ferias como motor del potencial econ\u00f3mico e industrial\t\t\t<\/a>\n\t\t<\/span>\n\t\t\t\t<div class=\"elementor-post__excerpt\">\n\t\t\t<p>Hoy se celebra la 10\u00ba edici\u00f3n del Global Exhibitions Day que, bajo el lema \u00abLas ferias liberan el potencial\u00bb, pone en relevancia el papel de<\/p>\n\t\t<\/div>\n\t\t\n\t\t<a class=\"elementor-post__read-more\" href=\"https:\/\/www.empackmadrid.com\/es\/2025\/06\/04\/easyfairs-destaca-el-papel-de-las-ferias-como-motor-del-potencial-economico-e-industrial\/\" aria-label=\"Read more about Easyfairs destaca el papel de las ferias como motor del potencial econ\u00f3mico e industrial\" tabindex=\"-1\" >\n\t\t\tLeer m\u00e1s \u00bb\t\t<\/a>\n\n\t\t\t\t<\/div>\n\t\t\t\t<div class=\"elementor-post__meta-data\">\n\t\t\t\t\t<span class=\"elementor-post-date\">\n\t\t\tjunio 4, 2025\t\t<\/span>\n\t\t\t\t<\/div>\n\t\t\t\t\t<\/div>\n\t\t<\/article>\n\t\t\t\t<article class=\"elementor-post elementor-grid-item post-159539 post type-post status-publish format-standard hentry category-notas-de-prensa tag-easyfairs tag-embalajes tag-expertos tag-visitantes\" role=\"listitem\">\n\t\t\t<div class=\"elementor-post__card\">\n\t\t\t\t<div class=\"elementor-post__text\">\n\t\t\t\t<span class=\"elementor-post__title\">\n\t\t\t<a href=\"https:\/\/www.empackmadrid.com\/es\/2025\/05\/28\/paris-packaging-week-lanza-la-tercera-edicion-aclamado-programa-future-leaders-para-destacar-la-proxima-generacion-de-innovadores\/\" >\n\t\t\t\tParis Packaging Week lanza la tercera edici\u00f3n aclamado programa Future Leaders para destacar la pr\u00f3xima generaci\u00f3n de innovadores\t\t\t<\/a>\n\t\t<\/span>\n\t\t\t\t<div class=\"elementor-post__excerpt\">\n\t\t\t<p>Par\u00eds, 28 de mayo de 2025 &#8211; Paris Packaging Week se enorgullece de anunciar el lanzamiento de la tercera edici\u00f3n de su programa de su<\/p>\n\t\t<\/div>\n\t\t\n\t\t<a class=\"elementor-post__read-more\" href=\"https:\/\/www.empackmadrid.com\/es\/2025\/05\/28\/paris-packaging-week-lanza-la-tercera-edicion-aclamado-programa-future-leaders-para-destacar-la-proxima-generacion-de-innovadores\/\" aria-label=\"Read more about Paris Packaging Week lanza la tercera edici\u00f3n aclamado programa Future Leaders para destacar la pr\u00f3xima generaci\u00f3n de innovadores\" tabindex=\"-1\" >\n\t\t\tLeer m\u00e1s \u00bb\t\t<\/a>\n\n\t\t\t\t<\/div>\n\t\t\t\t<div class=\"elementor-post__meta-data\">\n\t\t\t\t\t<span class=\"elementor-post-date\">\n\t\t\tmayo 28, 2025\t\t<\/span>\n\t\t\t\t<\/div>\n\t\t\t\t\t<\/div>\n\t\t<\/article>\n\t\t\t\t<article class=\"elementor-post elementor-grid-item post-159059 post type-post status-publish format-standard hentry category-notas-de-prensa tag-balance tag-easyfairs tag-edicion-2025 tag-expertos tag-visitantes\" role=\"listitem\">\n\t\t\t<div class=\"elementor-post__card\">\n\t\t\t\t<div class=\"elementor-post__text\">\n\t\t\t\t<span class=\"elementor-post__title\">\n\t\t\t<a href=\"https:\/\/www.empackmadrid.com\/es\/2025\/05\/21\/empack-logistics-automation-y-logistic-industrial-build-abren-el-periodo-de-registro-consolidandose-como-encuentros-clave-y-continuando-su-crecimiento-ano-tras-ano\/\" >\n\t\t\t\tEmpack, Logistics &#038; Automation y Logistic &#038; Industrial Build abren el periodo de registro, consolid\u00e1ndose como encuentros clave y continuando su crecimiento a\u00f1o tras a\u00f1o\t\t\t<\/a>\n\t\t<\/span>\n\t\t\t\t<div class=\"elementor-post__excerpt\">\n\t\t\t<p>Logistics &amp; Automation incorpora como novedad este a\u00f1o experiencias inmersivas y \u00e1reas dedicadas a la inteligencia artificial y la realidad virtual. En su segunda edici\u00f3n,<\/p>\n\t\t<\/div>\n\t\t\n\t\t<a class=\"elementor-post__read-more\" href=\"https:\/\/www.empackmadrid.com\/es\/2025\/05\/21\/empack-logistics-automation-y-logistic-industrial-build-abren-el-periodo-de-registro-consolidandose-como-encuentros-clave-y-continuando-su-crecimiento-ano-tras-ano\/\" aria-label=\"Read more about Empack, Logistics &#038; Automation y Logistic &#038; Industrial Build abren el periodo de registro, consolid\u00e1ndose como encuentros clave y continuando su crecimiento a\u00f1o tras a\u00f1o\" tabindex=\"-1\" >\n\t\t\tLeer m\u00e1s \u00bb\t\t<\/a>\n\n\t\t\t\t<\/div>\n\t\t\t\t<div class=\"elementor-post__meta-data\">\n\t\t\t\t\t<span class=\"elementor-post-date\">\n\t\t\tmayo 21, 2025\t\t<\/span>\n\t\t\t\t<\/div>\n\t\t\t\t\t<\/div>\n\t\t<\/article>\n\t\t\t\t<article class=\"elementor-post elementor-grid-item post-145226 post type-post status-publish format-standard hentry category-notas-de-prensa tag-balance tag-easyfairs tag-edicion-2024 tag-expertos tag-visitantes\" role=\"listitem\">\n\t\t\t<div class=\"elementor-post__card\">\n\t\t\t\t<div class=\"elementor-post__text\">\n\t\t\t\t<span class=\"elementor-post__title\">\n\t\t\t<a href=\"https:\/\/www.empackmadrid.com\/es\/2024\/12\/02\/mas-de-250-expertos-formaran-parte-del-programa-de-conferencias-de-empack-logistics-automation-y-logistic-industrial-build-2\/\" >\n\t\t\t\tM\u00e1s de 11.600 visitantes \u00fanicos en la edici\u00f3n 2024 de Empack, Logistics &#038; Automation y Logistic &#038; Industrial Build\t\t\t<\/a>\n\t\t<\/span>\n\t\t\t\t<div class=\"elementor-post__excerpt\">\n\t\t\t<p>Con m\u00e1s de 400 empresas expositoras y 80 horas de contenido, las tres ferias han sido escenario de las \u00faltimas tendencias en packaging, log\u00edstica y<\/p>\n\t\t<\/div>\n\t\t\n\t\t<a class=\"elementor-post__read-more\" href=\"https:\/\/www.empackmadrid.com\/es\/2024\/12\/02\/mas-de-250-expertos-formaran-parte-del-programa-de-conferencias-de-empack-logistics-automation-y-logistic-industrial-build-2\/\" aria-label=\"Read more about M\u00e1s de 11.600 visitantes \u00fanicos en la edici\u00f3n 2024 de Empack, Logistics &#038; Automation y Logistic &#038; Industrial Build\" tabindex=\"-1\" >\n\t\t\tLeer m\u00e1s \u00bb\t\t<\/a>\n\n\t\t\t\t<\/div>\n\t\t\t\t<div class=\"elementor-post__meta-data\">\n\t\t\t\t\t<span class=\"elementor-post-date\">\n\t\t\tdiciembre 2, 2024\t\t<\/span>\n\t\t\t\t<\/div>\n\t\t\t\t\t<\/div>\n\t\t<\/article>\n\t\t\t\t<article class=\"elementor-post elementor-grid-item post-144541 post type-post status-publish format-standard hentry category-notas-de-prensa tag-conferencias tag-easyfairs tag-expertos tag-programa-de-congreso\" role=\"listitem\">\n\t\t\t<div class=\"elementor-post__card\">\n\t\t\t\t<div class=\"elementor-post__text\">\n\t\t\t\t<span class=\"elementor-post__title\">\n\t\t\t<a href=\"https:\/\/www.empackmadrid.com\/es\/2024\/11\/19\/mas-de-250-expertos-formaran-parte-del-programa-de-conferencias-de-empack-logistics-automation-y-logistic-industrial-build\/\" >\n\t\t\t\tM\u00e1s de 250 expertos formar\u00e1n parte del programa de conferencias de Empack, Logistics &amp; Automation y Logistic &amp; Industrial Build\u00a0\t\t\t<\/a>\n\t\t<\/span>\n\t\t\t\t<div class=\"elementor-post__excerpt\">\n\t\t\t<p>Los d\u00edas 27 y 28 de noviembre, los asistentes a las ferias podr\u00e1n disfrutar de un extenso programa de ponencias y actividades, con JJ Delgado<\/p>\n\t\t<\/div>\n\t\t\n\t\t<a class=\"elementor-post__read-more\" href=\"https:\/\/www.empackmadrid.com\/es\/2024\/11\/19\/mas-de-250-expertos-formaran-parte-del-programa-de-conferencias-de-empack-logistics-automation-y-logistic-industrial-build\/\" aria-label=\"Read more about M\u00e1s de 250 expertos formar\u00e1n parte del programa de conferencias de Empack, Logistics &amp; Automation y Logistic &amp; Industrial Build\u00a0\" tabindex=\"-1\" >\n\t\t\tLeer m\u00e1s \u00bb\t\t<\/a>\n\n\t\t\t\t<\/div>\n\t\t\t\t<div class=\"elementor-post__meta-data\">\n\t\t\t\t\t<span class=\"elementor-post-date\">\n\t\t\tnoviembre 19, 2024\t\t<\/span>\n\t\t\t\t<\/div>\n\t\t\t\t\t<\/div>\n\t\t<\/article>\n\t\t\t\t<article class=\"elementor-post elementor-grid-item post-141963 post type-post status-publish format-standard hentry category-notas-de-prensa tag-easyfairs tag-ia tag-jj-delgado tag-keynote tag-speaker\" role=\"listitem\">\n\t\t\t<div class=\"elementor-post__card\">\n\t\t\t\t<div class=\"elementor-post__text\">\n\t\t\t\t<span class=\"elementor-post__title\">\n\t\t\t<a href=\"https:\/\/www.empackmadrid.com\/es\/2024\/10\/22\/j-j-delgado-y-leopoldo-torralba-encabezan-el-avance-del-programa-de-congresos\/\" >\n\t\t\t\tJ. J. Delgado y Leopoldo Torralba encabezan el avance del programa de congresos\t\t\t<\/a>\n\t\t<\/span>\n\t\t\t\t<div class=\"elementor-post__excerpt\">\n\t\t\t<p>Estas ferias organizadas por Easyfairs reunir\u00e1n durante los d\u00edas 27 y 28 de noviembre a los principales agentes y expertos del sector del packaging, la<\/p>\n\t\t<\/div>\n\t\t\n\t\t<a class=\"elementor-post__read-more\" href=\"https:\/\/www.empackmadrid.com\/es\/2024\/10\/22\/j-j-delgado-y-leopoldo-torralba-encabezan-el-avance-del-programa-de-congresos\/\" aria-label=\"Read more about J. J. Delgado y Leopoldo Torralba encabezan el avance del programa de congresos\" tabindex=\"-1\" >\n\t\t\tLeer m\u00e1s \u00bb\t\t<\/a>\n\n\t\t\t\t<\/div>\n\t\t\t\t<div class=\"elementor-post__meta-data\">\n\t\t\t\t\t<span class=\"elementor-post-date\">\n\t\t\toctubre 22, 2024\t\t<\/span>\n\t\t\t\t<\/div>\n\t\t\t\t\t<\/div>\n\t\t<\/article>\n\t\t\t\t<article class=\"elementor-post elementor-grid-item post-138510 post type-post status-publish format-standard hentry category-notas-de-prensa tag-easyfairs tag-estudio tag-jornada-laboral tag-packaging\" role=\"listitem\">\n\t\t\t<div class=\"elementor-post__card\">\n\t\t\t\t<div class=\"elementor-post__text\">\n\t\t\t\t<span class=\"elementor-post__title\">\n\t\t\t<a href=\"https:\/\/www.empackmadrid.com\/es\/2024\/09\/25\/en-torno-a-la-mitad-de-las-empresas-logisticas-y-de-packaging-no-implementaran-la-reduccion-de-jornada-a-no-ser-que-sea-obligatorio\/\" >\n\t\t\t\tEn torno a la mitad de las empresas log\u00edsticas y de packaging no implementar\u00e1n la reducci\u00f3n de jornada a no ser que sea obligatorio\t\t\t<\/a>\n\t\t<\/span>\n\t\t\t\t<div class=\"elementor-post__excerpt\">\n\t\t\t<p>Seg\u00fan el \u00faltimo estudio realizado por Easyfairs, organizador de los salones Empack y Logistics &amp; Automation, el 48,1% de las compa\u00f1\u00edas log\u00edsticas y el 65,1%<\/p>\n\t\t<\/div>\n\t\t\n\t\t<a class=\"elementor-post__read-more\" href=\"https:\/\/www.empackmadrid.com\/es\/2024\/09\/25\/en-torno-a-la-mitad-de-las-empresas-logisticas-y-de-packaging-no-implementaran-la-reduccion-de-jornada-a-no-ser-que-sea-obligatorio\/\" aria-label=\"Read more about En torno a la mitad de las empresas log\u00edsticas y de packaging no implementar\u00e1n la reducci\u00f3n de jornada a no ser que sea obligatorio\" tabindex=\"-1\" >\n\t\t\tLeer m\u00e1s \u00bb\t\t<\/a>\n\n\t\t\t\t<\/div>\n\t\t\t\t<div class=\"elementor-post__meta-data\">\n\t\t\t\t\t<span class=\"elementor-post-date\">\n\t\t\tseptiembre 25, 2024\t\t<\/span>\n\t\t\t\t<\/div>\n\t\t\t\t\t<\/div>\n\t\t<\/article>\n\t\t\t\t<\/div>\n\t\t\n\t\t\t\t<div class=\"e-load-more-anchor\" data-page=\"1\" data-max-page=\"6\" data-next-page=\"https:\/\/www.empackmadrid.com\/es\/wp-json\/wp\/v2\/pages\/3718\/page\/2\/\"><\/div>\n\t\t\t\t<nav class=\"elementor-pagination\" aria-label=\"Pagination\">\n\t\t\t<span aria-current=\"page\" class=\"page-numbers current\"><span class=\"elementor-screen-only\">Page<\/span>1<\/span>\n<a class=\"page-numbers\" href=\"https:\/\/www.empackmadrid.com\/es\/wp-json\/wp\/v2\/pages\/3718\/page\/2\/\"><span class=\"elementor-screen-only\">Page<\/span>2<\/a>\n<a class=\"page-numbers\" href=\"https:\/\/www.empackmadrid.com\/es\/wp-json\/wp\/v2\/pages\/3718\/page\/3\/\"><span class=\"elementor-screen-only\">Page<\/span>3<\/a>\n<a class=\"page-numbers\" href=\"https:\/\/www.empackmadrid.com\/es\/wp-json\/wp\/v2\/pages\/3718\/page\/4\/\"><span class=\"elementor-screen-only\">Page<\/span>4<\/a>\n<a class=\"page-numbers\" href=\"https:\/\/www.empackmadrid.com\/es\/wp-json\/wp\/v2\/pages\/3718\/page\/5\/\"><span class=\"elementor-screen-only\">Page<\/span>5<\/a>\t\t<\/nav>\n\t\t\t\t\t\t<\/div>\n\t\t\t\t<\/div>\n\t\t\t\t\t<\/div>\n\t\t<\/div>\n\t\t\t\t\t<\/div>\n\t\t<\/section>\n\t\t\t\t\t<\/div>\n\t\t<\/div>\n\t\t\t\t\t<\/div>\n\t\t<\/section>\n\t\t\t\t<section class=\"elementor-section elementor-top-section elementor-element elementor-element-524f8e94 elementor-section-full_width elementor-section-height-default elementor-section-height-default\" data-id=\"524f8e94\" data-element_type=\"section\">\n\t\t\t\t\t\t<div class=\"elementor-container elementor-column-gap-default\">\n\t\t\t\t\t<div class=\"elementor-column elementor-col-100 elementor-top-column elementor-element elementor-element-6ea784ff\" data-id=\"6ea784ff\" data-element_type=\"column\">\n\t\t\t<div class=\"elementor-widget-wrap elementor-element-populated\">\n\t\t\t\t\t\t<div class=\"elementor-element elementor-element-2c032ce3 elementor-invisible elementor-widget elementor-widget-heading\" data-id=\"2c032ce3\" data-element_type=\"widget\" data-settings=\"{&quot;_animation&quot;:&quot;fadeInRight&quot;}\" data-widget_type=\"heading.default\">\n\t\t\t\t<div class=\"elementor-widget-container\">\n\t\t\t\t\t<h2 class=\"elementor-heading-title elementor-size-default\">Social Media<\/h2>\t\t\t\t<\/div>\n\t\t\t\t<\/div>\n\t\t\t\t<div class=\"elementor-element elementor-element-eff6d21 elementor-hidden-desktop elementor-hidden-tablet elementor-hidden-mobile elementor-invisible elementor-widget elementor-widget-heading\" data-id=\"eff6d21\" data-element_type=\"widget\" data-settings=\"{&quot;_animation&quot;:&quot;fadeInRight&quot;}\" data-widget_type=\"heading.default\">\n\t\t\t\t<div class=\"elementor-widget-container\">\n\t\t\t\t\t<h3 class=\"elementor-heading-title elementor-size-default\">Social Media<\/h3>\t\t\t\t<\/div>\n\t\t\t\t<\/div>\n\t\t\t\t<div class=\"elementor-element elementor-element-b01a072 elementor-widget elementor-widget-text-editor\" data-id=\"b01a072\" data-element_type=\"widget\" data-widget_type=\"text-editor.default\">\n\t\t\t\t<div class=\"elementor-widget-container\">\n\t\t\t\t\t\t\t\t\t<p>\u00danete a nuestra comunidad online con miles de profesionales del sector. \u00a1S\u00edguenos en las redes sociales!<\/p>\t\t\t\t\t\t\t\t<\/div>\n\t\t\t\t<\/div>\n\t\t\t\t<div class=\"elementor-element elementor-element-4ad2652 elementor-shape-circle e-grid-align-left e-grid-align-tablet-center e-grid-align-mobile-center elementor-grid-0 elementor-widget elementor-widget-global elementor-global-17721 elementor-widget-social-icons\" data-id=\"4ad2652\" data-element_type=\"widget\" data-widget_type=\"social-icons.default\">\n\t\t\t\t<div class=\"elementor-widget-container\">\n\t\t\t\t\t\t\t<div class=\"elementor-social-icons-wrapper elementor-grid\" role=\"list\">\n\t\t\t\t\t\t\t<span class=\"elementor-grid-item\" role=\"listitem\">\n\t\t\t\t\t<a class=\"elementor-icon elementor-social-icon elementor-social-icon-linkedin-in elementor-repeater-item-72bac69\" href=\"https:\/\/www.linkedin.com\/company\/empack-madrid\" target=\"_blank\">\n\t\t\t\t\t\t<span class=\"elementor-screen-only\">Linkedin-in<\/span>\n\t\t\t\t\t\t<i aria-hidden=\"true\" class=\"fab fa-linkedin-in\"><\/i>\t\t\t\t\t<\/a>\n\t\t\t\t<\/span>\n\t\t\t\t\t\t\t<span class=\"elementor-grid-item\" role=\"listitem\">\n\t\t\t\t\t<a class=\"elementor-icon elementor-social-icon elementor-social-icon-twitter elementor-repeater-item-d3gf3n8\" href=\"https:\/\/twitter.com\/EmpackSpain\" target=\"_blank\">\n\t\t\t\t\t\t<span class=\"elementor-screen-only\">Twitter<\/span>\n\t\t\t\t\t\t<i aria-hidden=\"true\" class=\"fab fa-twitter\"><\/i>\t\t\t\t\t<\/a>\n\t\t\t\t<\/span>\n\t\t\t\t\t\t\t<span class=\"elementor-grid-item\" role=\"listitem\">\n\t\t\t\t\t<a class=\"elementor-icon elementor-social-icon elementor-social-icon-facebook elementor-repeater-item-b06a200\" href=\"https:\/\/www.facebook.com\/EmpackMadrid\" target=\"_blank\">\n\t\t\t\t\t\t<span class=\"elementor-screen-only\">Facebook<\/span>\n\t\t\t\t\t\t<i aria-hidden=\"true\" class=\"fab fa-facebook\"><\/i>\t\t\t\t\t<\/a>\n\t\t\t\t<\/span>\n\t\t\t\t\t\t\t<span class=\"elementor-grid-item\" role=\"listitem\">\n\t\t\t\t\t<a class=\"elementor-icon elementor-social-icon elementor-social-icon-instagram elementor-repeater-item-d736fba\" href=\"https:\/\/www.instagram.com\/empackspain\/\" target=\"_blank\">\n\t\t\t\t\t\t<span class=\"elementor-screen-only\">Instagram<\/span>\n\t\t\t\t\t\t<i aria-hidden=\"true\" class=\"fab fa-instagram\"><\/i>\t\t\t\t\t<\/a>\n\t\t\t\t<\/span>\n\t\t\t\t\t\t\t<span class=\"elementor-grid-item\" role=\"listitem\">\n\t\t\t\t\t<a class=\"elementor-icon elementor-social-icon elementor-social-icon-youtube elementor-repeater-item-ff343c9\" href=\"https:\/\/www.youtube.com\/@empackspain\" target=\"_blank\">\n\t\t\t\t\t\t<span class=\"elementor-screen-only\">Youtube<\/span>\n\t\t\t\t\t\t<i aria-hidden=\"true\" class=\"fab fa-youtube\"><\/i>\t\t\t\t\t<\/a>\n\t\t\t\t<\/span>\n\t\t\t\t\t<\/div>\n\t\t\t\t\t\t<\/div>\n\t\t\t\t<\/div>\n\t\t\t\t<div class=\"elementor-element elementor-element-2f8b42d9 elementor-align-left elementor-mobile-align-center elementor-tablet-align-center elementor-widget elementor-widget-button\" data-id=\"2f8b42d9\" data-element_type=\"widget\" data-widget_type=\"button.default\">\n\t\t\t\t<div class=\"elementor-widget-container\">\n\t\t\t\t\t\t\t\t\t<div class=\"elementor-button-wrapper\">\n\t\t\t\t\t<a class=\"elementor-button elementor-button-link elementor-size-xs\" href=\"https:\/\/www.empackmadrid.com\/es\/content365\/suscribete-a-nuestra-newsletter\/\" target=\"_blank\">\n\t\t\t\t\t\t<span class=\"elementor-button-content-wrapper\">\n\t\t\t\t\t\t\t\t\t<span class=\"elementor-button-text\">\u00bfQuieres informarte m\u00e1s?<\/span>\n\t\t\t\t\t<\/span>\n\t\t\t\t\t<\/a>\n\t\t\t\t<\/div>\n\t\t\t\t\t\t\t\t<\/div>\n\t\t\t\t<\/div>\n\t\t\t\t\t<\/div>\n\t\t<\/div>\n\t\t\t\t\t<\/div>\n\t\t<\/section>\n\t\t\t\t<\/div>\n\t\t","protected":false},"excerpt":{"rendered":"<p>Mantente atento a las \u00faltimas notas de prensa oficiales del evento A continuaci\u00f3n encontrar\u00e1s todas las notas de prensa del evento. Social Media Social Media \u00danete a nuestra comunidad online con miles de profesionales del sector. \u00a1S\u00edguenos en las redes sociales! Linkedin-in Twitter Facebook \u00bfQuieres informarte m\u00e1s?<\/p>\n","protected":false},"author":927,"featured_media":0,"parent":400,"menu_order":0,"comment_status":"closed","ping_status":"closed","template":"","meta":{"_seopress_robots_primary_cat":"","_seopress_titles_title":"Notas de prensa | Empack Madrid","_seopress_titles_desc":"Todas las comunicaciones oficiales de Empack Madrid.","_seopress_robots_index":"","footnotes":""},"class_list":["post-3718","page","type-page","status-publish","hentry"],"_links":{"self":[{"href":"https:\/\/www.empackmadrid.com\/es\/wp-json\/wp\/v2\/pages\/3718","targetHints":{"allow":["GET"]}}],"collection":[{"href":"https:\/\/www.empackmadrid.com\/es\/wp-json\/wp\/v2\/pages"}],"about":[{"href":"https:\/\/www.empackmadrid.com\/es\/wp-json\/wp\/v2\/types\/page"}],"author":[{"embeddable":true,"href":"https:\/\/www.empackmadrid.com\/es\/wp-json\/wp\/v2\/users\/927"}],"replies":[{"embeddable":true,"href":"https:\/\/www.empackmadrid.com\/es\/wp-json\/wp\/v2\/comments?post=3718"}],"version-history":[{"count":5,"href":"https:\/\/www.empackmadrid.com\/es\/wp-json\/wp\/v2\/pages\/3718\/revisions"}],"predecessor-version":[{"id":121330,"href":"https:\/\/www.empackmadrid.com\/es\/wp-json\/wp\/v2\/pages\/3718\/revisions\/121330"}],"up":[{"embeddable":true,"href":"https:\/\/www.empackmadrid.com\/es\/wp-json\/wp\/v2\/pages\/400"}],"wp:attachment":[{"href":"https:\/\/www.empackmadrid.com\/es\/wp-json\/wp\/v2\/media?parent=3718"}],"curies":[{"name":"wp","href":"https:\/\/api.w.org\/{rel}","templated":true}]}}